{"id":1114,"date":"2021-12-23T16:13:52","date_gmt":"2021-12-23T16:13:52","guid":{"rendered":"https:\/\/wygroup.psales.pt\/sobre-nos\/"},"modified":"2025-08-25T22:22:59","modified_gmt":"2025-08-25T22:22:59","slug":"sobre-nos","status":"publish","type":"page","link":"https:\/\/www.wygroup.net\/pt-pt\/sobre-nos\/","title":{"rendered":"Sobre n\u00f3s"},"content":{"rendered":"\n\t<main class=\"main  main--internal main--sobre-nos\">\n\t\t\n\t\t\n\t\t<div class=\"wrapper\">\n\n\t\t\t\t\t\t\t<h1>Sobre n\u00f3s<\/h1>\n\t\t\t\t\t\t\n\t\t<\/div>\n\n\t\t<a class=\"main__scroll\" href=\"#services\" title=\"V\u00ea todos os nossos servi\u00e7os\"><\/a>\n\n\t<\/main>\n\t\n\t\n\n\n<section class=\"wp-block-group section section__about\"><div class=\"wp-block-group__inner-container is-layout-flow wp-block-group-is-layout-flow\">\n<h1 class=\"wp-block-heading section__title section__title--left\" id=\"we-are-creative-but-data-comes-first-pleased-to-meet-you\"><strong>Movidos pela curiosidade<\/strong><\/h1>\n\n\n\n<h2 class=\"wp-block-heading section__title section__title--left\" id=\"we-are-creative-but-data-comes-first-pleased-to-meet-you\">Questionamos tudo desde o in\u00edcio<\/h2>\n\n\n\n<p class=\"section__copy\">Come\u00e7amos sempre com uma pergunta: &#8220;porqu\u00ea?&#8221;. Por que \u00e9 que \u00e9 relevante? Por que \u00e9 que \u00e9 diferente?<\/p>\n\n\n\n<p class=\"section__copy\">Somos movidos por uma curiosidade que vem de dentro e que questiona as normas. Que impulsiona a inova\u00e7\u00e3o e incentiva o pensamento.<\/p>\n\n\n\n<p class=\"section__copy\">No WYgroup, acreditamos que \u00e9 a combina\u00e7\u00e3o entre o toque humano, a tecnologia, a criatividade e a inova\u00e7\u00e3o que faz toda a diferen\u00e7a. A nossa identidade \u2013 de marca, de ADN, de foco, de pessoas, de trabalho, de entrega &#8211; est\u00e1 orientada \u00e0 experi\u00eancia do cliente, onde nos assumimos como designers de experie\u0302ncias.<\/p>\n\n\n\n<div class=\"wp-block-spacer\" style=\"height: 100px;\" aria-hidden=\"true\">\u00a0<\/div>\n\n\n\n<figure class=\"wp-block-image size-large w100 orange_bottom_line\"><img decoding=\"async\" src=\"https:\/\/www.wygroup.net\/wp-content\/uploads\/2023\/07\/SESSAO_WY_GROUP-128_web.webp\" alt=\"\"\/><\/figure>\n\n\n\n<div class=\"wp-block-spacer\" style=\"height: 50px;\" aria-hidden=\"true\">\u00a0<\/div>\n\n\n\n<h2 class=\"wp-block-heading has-text-align-center section__title\">Trabalhamos com mais de <strong>400<\/strong> marcas<\/h2>\n\n\n\n<h2 class=\"wp-block-heading has-text-align-center section__title\">Mais de <strong>20<\/strong> \u00e1reas de atua\u00e7\u00e3o<\/h2>\n<\/div><\/section>\n\n\n\n<div class=\"wp-block-group wrapper\"><div class=\"wp-block-group__inner-container is-layout-constrained wp-block-group-is-layout-constrained\">\n<div class=\"wp-block-columns is-layout-flex wp-container-core-columns-is-layout-9d6595d7 wp-block-columns-is-layout-flex\">\n<div class=\"wp-block-column is-layout-flow wp-block-column-is-layout-flow\">\n<div class=\"wp-block-columns is-layout-flex wp-container-core-columns-is-layout-9d6595d7 wp-block-columns-is-layout-flex\">\n<div class=\"wp-block-column is-layout-flow wp-block-column-is-layout-flow\" style=\"flex-basis:30px\">\n<figure class=\"wp-block-image size-full\"><img loading=\"lazy\" decoding=\"async\" width=\"32\" height=\"134\" src=\"https:\/\/www.wygroup.net\/wp-content\/uploads\/2023\/06\/about-up-arrow.png\" alt=\"\" class=\"wp-image-1764\"\/><\/figure>\n<\/div>\n\n\n\n<div class=\"wp-block-column is-layout-flow wp-block-column-is-layout-flow\">\n<p class=\"section__copy about_orange_big\"><strong>450<\/strong> pessoas<\/p>\n\n\n\n<p class=\"section__copy about_highlight\">talentosas connosco<\/p>\n<\/div>\n\n\n\n<div class=\"wp-block-column is-layout-flow wp-block-column-is-layout-flow\" style=\"flex-basis: 125px;\">\u00a0<\/div>\n<\/div>\n\n\n\n<h2 class=\"wp-block-heading section__title section__title--left\" id=\"our-story\">N\u00f3s somos moldados pelas Pessoas<\/h2>\n\n\n\n<p class=\"section__copy\">O WYgroup tem vindo a crescer de forma sustentada contando j\u00e1 com mais de 400 pessoas, comprometidas em ir mais longe e entregar o seu melhor, todos os dias. Acreditamos que as rela\u00e7\u00f5es de proximidade e confian\u00e7a que criamos e moldamos com todos os nossos colaboradores, clientes e stakeholders, que d\u00e3o origem ao crescimento e ao sucesso consolidados do grupo.<\/p>\n\n\n\n<div class=\"wp-block-spacer\" style=\"height: 100px;\" aria-hidden=\"true\">\u00a0<\/div>\n\n\n\n<div class=\"wp-block-columns is-layout-flex wp-container-core-columns-is-layout-9d6595d7 wp-block-columns-is-layout-flex\">\n<div class=\"wp-block-column is-layout-flow wp-block-column-is-layout-flow\" style=\"flex-basis:30px\">\n<figure class=\"wp-block-image size-full\"><img loading=\"lazy\" decoding=\"async\" width=\"32\" height=\"134\" src=\"https:\/\/www.wygroup.net\/wp-content\/uploads\/2023\/06\/about-up-arrow.png\" alt=\"\" class=\"wp-image-1764\"\/><\/figure>\n<\/div>\n\n\n\n<div class=\"wp-block-column is-layout-flow wp-block-column-is-layout-flow\">\n<p class=\"section__copy about_orange_big\"><strong>3<\/strong> Escrit\u00f3rios pelo mundo<\/p>\n\n\n\n<p class=\"section__copy about_highlight\">Estamos continuamente a ampliar a nossa presen\u00e7a internacional<\/p>\n<\/div>\n\n\n\n<div class=\"wp-block-column is-layout-flow wp-block-column-is-layout-flow\" style=\"flex-basis: 125px;\">\u00a0<\/div>\n<\/div>\n\n\n\n<h2 class=\"wp-block-heading section__title section__title--left\" id=\"our-story\">Sem fronteiras<\/h2>\n\n\n\n<p class=\"section__copy\">A nossa Casa da Praia, o hub de 3000 m2 do WYgroup, fica em frente da praia de Santo Amaro de Oeiras, Temos escrit\u00f3rios em Lisboa, Porto e Nova Iorque, a partir de onde trabalhamos para os nossos clientes, presentes em m\u00faltiplas geografias. Isso significa que estamos a fortalecer as nossas parcerias internacionais, a ampliar o nosso foco e atrair cada vez mais pessoas talentosas, para servir cada vez melhor os nossos clientes.<\/p>\n<\/div>\n\n\n\n<div class=\"wp-block-column is-layout-flow wp-block-column-is-layout-flow\" style=\"flex-basis: 50px;\">\u00a0<\/div>\n\n\n\n<div class=\"wp-block-column is-layout-flow wp-block-column-is-layout-flow\">\n<div class=\"wp-block-columns is-layout-flex wp-container-core-columns-is-layout-9d6595d7 wp-block-columns-is-layout-flex\">\n<div class=\"wp-block-column is-layout-flow wp-block-column-is-layout-flow\" style=\"flex-basis:30px\">\n<figure class=\"wp-block-image size-full\"><img loading=\"lazy\" decoding=\"async\" width=\"32\" height=\"134\" src=\"https:\/\/www.wygroup.net\/wp-content\/uploads\/2023\/06\/about-up-arrow.png\" alt=\"\" class=\"wp-image-1764\"\/><\/figure>\n<\/div>\n\n\n\n<div class=\"wp-block-column is-layout-flow wp-block-column-is-layout-flow\">\n<p class=\"section__copy about_orange_big\"><strong>8<\/strong> Empresas<\/p>\n\n\n\n<p class=\"section__copy about_orange_big\"><strong>27 <\/strong>Partners<\/p>\n\n\n\n<p class=\"section__copy about_highlight\">Lideran\u00e7a experiente e altamente qualificada<\/p>\n<\/div>\n\n\n\n<div class=\"wp-block-column is-layout-flow wp-block-column-is-layout-flow\" style=\"flex-basis: 80px;\">\u00a0<\/div>\n<\/div>\n\n\n\n<h2 class=\"wp-block-heading section__title section__title--left\" id=\"our-story\">Proporcionamos uma perspectiva global e integrada<\/h2>\n\n\n\n<p class=\"section__copy\">Lideradas por profissionais altamente qualificados e experientes, as nossas empresas trabalham em todo o universo digital, com especialistas dedicados para cada disciplina. Somos uma one-stop-shop no \u00e2mbito da experi\u00eancia do consumidor e na sua comunica\u00e7\u00e3o integrada, alavancadas pelas nossas compet\u00eancias e talento in-house que cobrem todas as disciplinas de comunica\u00e7\u00e3o. A estrutura \u00e1gil e din\u00e2mica do WYgroup permite adaptarmo-nos prontamente \u00e0s necessidades do cliente e montar equipas de projetos interdisciplinares que trabalham em estreita colabora\u00e7\u00e3o.<\/p>\n\n\n\n<div class=\"wp-block-spacer\" style=\"height: 100px;\" aria-hidden=\"true\">\u00a0<\/div>\n\n\n\n<div class=\"wp-block-columns is-layout-flex wp-container-core-columns-is-layout-9d6595d7 wp-block-columns-is-layout-flex\">\n<div class=\"wp-block-column is-layout-flow wp-block-column-is-layout-flow\" style=\"flex-basis:30px\">\n<figure class=\"wp-block-image size-full\"><img loading=\"lazy\" decoding=\"async\" width=\"32\" height=\"134\" src=\"https:\/\/www.wygroup.net\/wp-content\/uploads\/2023\/06\/about-up-arrow.png\" alt=\"\" class=\"wp-image-1764\"\/><\/figure>\n<\/div>\n\n\n\n<div class=\"wp-block-column is-layout-flow wp-block-column-is-layout-flow\">\n<p class=\"section__copy about_orange_big\"><strong>\u20ac27<\/strong> Milh\u00f5es<\/p>\n\n\n\n<p class=\"section__copy about_highlight\">Fatura\u00e7\u00e3o em 2025<\/p>\n<\/div>\n\n\n\n<div class=\"wp-block-column is-layout-flow wp-block-column-is-layout-flow\" style=\"flex-basis: 125px;\">\u00a0<\/div>\n<\/div>\n\n\n\n<h2 class=\"wp-block-heading section__title section__title--left\" id=\"our-story\">Crescimento s\u00f3lido e respons\u00e1vel<\/h2>\n\n\n\n<p class=\"section__copy\">No WYgroup, estamos comprometidos em construir um neg\u00f3cio sustent\u00e1vel e de crescimento a longo prazo, atrav\u00e9s do talento que temos connosco e dos valores que partilhamos, dedicado \u00e0 experi\u00eancia do consumidor em servi\u00e7os de comunica\u00e7\u00e3o e marketing.<\/p>\n\n\n\n<p class=\"section__copy\">H\u00e1 24 anos que mantemos as melhores pr\u00e1ticas do mercado, criando valor e uma performance consistente e consolidada.<\/p>\n<\/div>\n<\/div>\n<\/div><\/div>\n\n\n\n<div class=\"wp-block-buttons is-content-justification-center is-layout-flex wp-container-core-buttons-is-layout-16018d1d wp-block-buttons-is-layout-flex\">\n<div class=\"wp-block-button hidden\"><a class=\"wp-block-button__link has-text-align-center wp-element-button\">Faz aqui o Download do Media Kit<\/a><\/div>\n<\/div>\n","protected":false},"excerpt":{"rendered":"<p>Movidos pela curiosidade Questionamos tudo desde o in\u00edcio Come\u00e7amos sempre com uma pergunta: &#8220;porqu\u00ea?&#8221;. Por que \u00e9 que \u00e9 relevante? Por que \u00e9 que \u00e9 diferente? Somos movidos por uma curiosidade que vem de dentro e que questiona as normas. Que impulsiona a inova\u00e7\u00e3o e incentiva o pensamento. No WYgroup, acreditamos que \u00e9 a combina\u00e7\u00e3o [&hellip;]<\/p>\n","protected":false},"author":7,"featured_media":0,"parent":0,"menu_order":0,"comment_status":"closed","ping_status":"closed","template":"","meta":{"inline_featured_image":false,"footnotes":""},"class_list":["post-1114","page","type-page","status-publish","hentry"],"_links":{"self":[{"href":"https:\/\/www.wygroup.net\/pt-pt\/wp-json\/wp\/v2\/pages\/1114","targetHints":{"allow":["GET"]}}],"collection":[{"href":"https:\/\/www.wygroup.net\/pt-pt\/wp-json\/wp\/v2\/pages"}],"about":[{"href":"https:\/\/www.wygroup.net\/pt-pt\/wp-json\/wp\/v2\/types\/page"}],"author":[{"embeddable":true,"href":"https:\/\/www.wygroup.net\/pt-pt\/wp-json\/wp\/v2\/users\/7"}],"replies":[{"embeddable":true,"href":"https:\/\/www.wygroup.net\/pt-pt\/wp-json\/wp\/v2\/comments?post=1114"}],"version-history":[{"count":24,"href":"https:\/\/www.wygroup.net\/pt-pt\/wp-json\/wp\/v2\/pages\/1114\/revisions"}],"predecessor-version":[{"id":6987,"href":"https:\/\/www.wygroup.net\/pt-pt\/wp-json\/wp\/v2\/pages\/1114\/revisions\/6987"}],"wp:attachment":[{"href":"https:\/\/www.wygroup.net\/pt-pt\/wp-json\/wp\/v2\/media?parent=1114"}],"curies":[{"name":"wp","href":"https:\/\/api.w.org\/{rel}","templated":true}]}}